{"id":22,"date":"2025-08-19T19:01:26","date_gmt":"2025-08-19T19:01:26","guid":{"rendered":"https:\/\/fremeaux.net\/wordpress\/about\/"},"modified":"2025-09-21T22:38:30","modified_gmt":"2025-09-21T22:38:30","slug":"about","status":"publish","type":"page","link":"https:\/\/fremeaux.net\/wordpress\/about\/","title":{"rendered":"A Propos"},"content":{"rendered":"\n<div class=\"wp-block-columns is-layout-flex wp-container-core-columns-is-layout-9d6595d7 wp-block-columns-is-layout-flex\">\n<div class=\"wp-block-column is-layout-flow wp-block-column-is-layout-flow\"><div class=\"wp-block-image\">\n<figure class=\"alignright size-medium is-resized\"><img loading=\"lazy\" decoding=\"async\" width=\"201\" height=\"300\" src=\"https:\/\/fremeaux.net\/wordpress\/wp-content\/uploads\/2025\/09\/YF_Cinema-201x300.jpg\" alt=\"\" class=\"wp-image-81\" style=\"width:194px;height:auto\" srcset=\"https:\/\/fremeaux.net\/wordpress\/wp-content\/uploads\/2025\/09\/YF_Cinema-201x300.jpg 201w, https:\/\/fremeaux.net\/wordpress\/wp-content\/uploads\/2025\/09\/YF_Cinema-685x1024.jpg 685w, https:\/\/fremeaux.net\/wordpress\/wp-content\/uploads\/2025\/09\/YF_Cinema-768x1149.jpg 768w, https:\/\/fremeaux.net\/wordpress\/wp-content\/uploads\/2025\/09\/YF_Cinema.jpg 960w\" sizes=\"auto, (max-width: 201px) 85vw, 201px\" \/><\/figure>\n<\/div><\/div>\n\n\n\n<div class=\"wp-block-column is-layout-flow wp-block-column-is-layout-flow\">\n<p><\/p>\n\n\n\n<p>Je m\u2019appelle <strong>Yann Fremeaux<\/strong>, <br>acteur de l\u2019\u00e9ducation populaire, <br>de la Culture et du mouvement associatif depuis plus de vingt ans.<br><br>Mon parcours est marqu\u00e9 par un fil conducteur : <strong>l\u2019engagement. <\/strong><br><br><\/p>\n<\/div>\n<\/div>\n\n\n\n<p>D\u2019abord b\u00e9n\u00e9vole et militant, j\u2019ai tr\u00e8s t\u00f4t choisi de mettre mes comp\u00e9tences au service de l\u2019int\u00e9r\u00eat g\u00e9n\u00e9ral, dans des structures associatives locales, r\u00e9gionales et nationales.<\/p>\n\n\n\n<p>Dipl\u00f4m\u00e9 en carri\u00e8res sociales, form\u00e9 en politiques publiques (INJEP), j\u2019ai exerc\u00e9 des responsabilit\u00e9s vari\u00e9es : animateur, \u00e9ducateur sp\u00e9cialis\u00e9, coordinateur, puis, directeur de structures et de projets, notamment au sein du r\u00e9seau des<br><strong>MJC (<\/strong><a href=\"https:\/\/fr.wikipedia.org\/wiki\/Maison_des_jeunes_et_de_la_culture\">Maisons des Jeunes et de la Culture<\/a><strong>)<\/strong>.<br>J\u2019ai notamment dirig\u00e9 la <a href=\"https:\/\/www.mjc-ronceray.org\/\"><strong>MJC Ronceray<\/strong> &#8211; L&rsquo;Alambik!<\/a> au Mans (2007 &#8211; 2014), accompagn\u00e9 des associations en transition au Pays Basque et en Bretagne, pilot\u00e9 la <strong>FRMJC Lorraine<\/strong> (et particip\u00e9 \u00e0 la constitution de \u00ab\u00a0<a href=\"https:\/\/mjcgrandest.fr\/\">MJC Grand Est<\/a>\u00ab\u00a0)<\/p>\n\n\n\n<div class=\"wp-block-media-text has-media-on-the-right is-stacked-on-mobile\" style=\"grid-template-columns:auto 26%\"><div class=\"wp-block-media-text__content\">\n<p><br>J&rsquo;ai contribu\u00e9 \u00e0 la refondation de r\u00e9seaux de MJC \u00e0 l\u2019\u00e9chelle nationale (notamment \u00e0 la direction de la FFMJC), participant \u00e0 leur convergence pour devenir \u00ab\u00a0<strong><a href=\"https:\/\/mjc-de-france.fr\/\">MJC de France<\/a><\/strong>\u00ab\u00a0.<\/p>\n<\/div><figure class=\"wp-block-media-text__media\"><img decoding=\"async\" src=\"https:\/\/mjc-de-france.fr\/wp-content\/uploads\/2023\/05\/LOGO_MJC-DE-FRANCE.png\" alt=\"\"\/><\/figure><\/div>\n\n\n\n<p>Ces exp\u00e9riences m\u2019ont appris \u00e0 conjuguer <strong>pilotage strat\u00e9gique, gestion de crise, d\u00e9veloppement de projets culturels et \u00e9ducatifs, animation de r\u00e9seaux et partenariats institutionnels<\/strong>.<\/p>\n\n\n\n<p>En septembre 2024, j\u2019ai pris la direction de la <strong><a href=\"https:\/\/www.mjcprevert.com\/\">MJC Jacques Pr\u00e9vert<\/a><\/strong> au Mans, avec la volont\u00e9 de renforcer son r\u00f4le de lieu de culture, de jeunesse et de citoyennet\u00e9, dans l\u2019esprit des valeurs de l\u2019\u00e9ducation populaire.<\/p>\n\n\n\n<p>Par ailleurs, depuis plus de 10 ans, je participe \u00e0 la gouvernance de la<br> <a href=\"https:\/\/organic-orchestra.com\/\"><strong>Cie Organic Orchestra<\/strong><\/a> (en tant que Pr\u00e9sident ou Co-Pr\u00e9sident). <\/p>\n\n\n\n<div class=\"wp-block-media-text is-stacked-on-mobile is-vertically-aligned-top\" style=\"grid-template-columns:33% auto\"><figure class=\"wp-block-media-text__media\"><img decoding=\"async\" src=\"https:\/\/organic-orchestra.com\/wp-content\/uploads\/2021\/01\/logo.jpg\" alt=\"\"\/><\/figure><div class=\"wp-block-media-text__content\">\n<p>La Cie O.O. produit des cr\u00e9ations transdisciplinaires aux croisement des arts et des sciences,<\/p>\n<\/div><\/div>\n\n\n\n<p class=\"has-text-align-right\">autour d&rsquo;EZRA (directeur artistique), en s&rsquo;appuyant sur un <br>Laboratoire d\u2019Exploration Technique et Po\u00e9tique.<\/p>\n\n\n\n<p><\/p>\n\n\n\n<p class=\"has-text-align-center\"><strong>Passionn\u00e9 par les dynamiques collectives, je crois en la force de l\u2019intelligence partag\u00e9e et en la capacit\u00e9 des associations \u00e0 transformer durablement les territoires.<\/strong><\/p>\n\n\n\n<p><\/p>\n","protected":false},"excerpt":{"rendered":"<p>Je m\u2019appelle Yann Fremeaux, acteur de l\u2019\u00e9ducation populaire, de la Culture et du mouvement associatif depuis plus de vingt ans. Mon parcours est marqu\u00e9 par un fil conducteur : l\u2019engagement. D\u2019abord b\u00e9n\u00e9vole et militant, j\u2019ai tr\u00e8s t\u00f4t choisi de mettre mes comp\u00e9tences au service de l\u2019int\u00e9r\u00eat g\u00e9n\u00e9ral, dans des structures associatives locales, r\u00e9gionales et nationales. &hellip; <a href=\"https:\/\/fremeaux.net\/wordpress\/about\/\" class=\"more-link\">Continuer la lecture<span class=\"screen-reader-text\"> de &laquo;&nbsp;A Propos&nbsp;&raquo;<\/span><\/a><\/p>\n","protected":false},"author":1,"featured_media":0,"parent":0,"menu_order":0,"comment_status":"closed","ping_status":"closed","template":"","meta":{"footnotes":""},"class_list":["post-22","page","type-page","status-publish","hentry"],"jetpack_sharing_enabled":true,"_links":{"self":[{"href":"https:\/\/fremeaux.net\/wordpress\/wp-json\/wp\/v2\/pages\/22","targetHints":{"allow":["GET"]}}],"collection":[{"href":"https:\/\/fremeaux.net\/wordpress\/wp-json\/wp\/v2\/pages"}],"about":[{"href":"https:\/\/fremeaux.net\/wordpress\/wp-json\/wp\/v2\/types\/page"}],"author":[{"embeddable":true,"href":"https:\/\/fremeaux.net\/wordpress\/wp-json\/wp\/v2\/users\/1"}],"replies":[{"embeddable":true,"href":"https:\/\/fremeaux.net\/wordpress\/wp-json\/wp\/v2\/comments?post=22"}],"version-history":[{"count":7,"href":"https:\/\/fremeaux.net\/wordpress\/wp-json\/wp\/v2\/pages\/22\/revisions"}],"predecessor-version":[{"id":85,"href":"https:\/\/fremeaux.net\/wordpress\/wp-json\/wp\/v2\/pages\/22\/revisions\/85"}],"wp:attachment":[{"href":"https:\/\/fremeaux.net\/wordpress\/wp-json\/wp\/v2\/media?parent=22"}],"curies":[{"name":"wp","href":"https:\/\/api.w.org\/{rel}","templated":true}]}}